{"id":15489,"date":"2018-09-14T06:09:20","date_gmt":"2018-09-14T05:09:20","guid":{"rendered":"https:\/\/feelmw.com\/zuk-zeuk-informacion\/"},"modified":"2023-10-25T15:09:51","modified_gmt":"2023-10-25T14:09:51","slug":"zuk-zeuk-informacion-2023-2024","status":"publish","type":"page","link":"https:\/\/feelmw.com\/es\/zuk-zeuk-2023-2024\/zuk-zeuk-informacion-2023-2024\/","title":{"rendered":"Informaci\u00f3n &#8211; Zuk Zeuk 2023-2024"},"content":{"rendered":"<div class=\"wpb-content-wrapper\"><p>[vc_row full_width=\u00bbstretch_row_content\u00bb content_placement=\u00bbmiddle\u00bb lg_spacing=\u00bbpadding_top:150;padding_bottom:80&#8243; el_id=\u00bbprograma\u00bb][vc_column offset=\u00bbvc_col-md-6&#8243;][vc_row_inner content_alignment=\u00bbright\u00bb sm_content_alignment=\u00bbcenter\u00bb max_width=\u00bb600px\u00bb lg_spacing=\u00bbpadding_right:80&#8243; md_spacing=\u00bbpadding_right:15&#8243; sm_spacing=\u00bbpadding_right:0&#8243;][vc_column_inner][tm_heading style=\u00bbhighlight-03&#8243; custom_google_font=\u00bb\u00bb text=\u00bbLa <mark>blended gincana<\/mark> de Euskal Herria\u00bb font_size=\u00bbsm:36;md:42;lg:45&#8243; line_height=\u00bb1.25&#8243;][tm_spacer size=\u00bblg:20&#8243;][tm_heading tag=\u00bbh5&#8243; custom_google_font=\u00bb\u00bb text=\u00bb\u00a1S\u00e9 parte del cambio y consigue un descuento para tu viaje! \u00bfTienes un plan mejor?\u00bb font_size=\u00bblg:18&#8243; line_height=\u00bb1.67&#8243;][\/vc_column_inner][\/vc_row_inner][\/vc_column][vc_column background_color=\u00bbcustom\u00bb background_size=\u00bbauto\u00bb offset=\u00bbvc_col-md-6&#8243; background_image=\u00bb6156&#8243; el_class=\u00bbcomillas\u00bb][tm_spacer size=\u00bblg:20&#8243;][tm_heading tag=\u00bbdiv\u00bb custom_google_font=\u00bb\u00bb text=\u00bbTrataremos temas de actualidad en el concurso Zuk Zeuk: el cambio clim\u00e1tico, la energ\u00eda, la alimentaci\u00f3n\u2026 Habr\u00e1 muchas actividades diferentes en la plataforma, cada equipo podr\u00e1 elegir cuales hacer para conseguir puntos y as\u00ed llegar a los primeros puestos de la clasificaci\u00f3n.\u00bb][\/vc_column][\/vc_row][vc_row full_width=\u00bbstretch_row_content\u00bb background_color=\u00bbcustom\u00bb][vc_column][tm_image full_wide=\u00bb1&#8243; image=\u00bb10481&#8243;][\/vc_column][\/vc_row][vc_row full_width=\u00bbstretch_row\u00bb background_color=\u00bbcustom\u00bb lg_spacing=\u00bbpadding_top:60&#8243; custom_background_color=\u00bb#e7cb33&#8243;][vc_column width=\u00bb1\/6&#8243;][tm_heading custom_google_font=\u00bb\u00bb text=\u00bbLa Liga\u00bb font_size=\u00bbsm:36;md:42;lg:45&#8243; line_height=\u00bb1.25&#8243;][\/vc_column][vc_column width=\u00bb3\/6&#8243;][tm_spacer size=\u00bblg:15&#8243;][tm_heading tag=\u00bbh5&#8243; custom_google_font=\u00bb\u00bb text=\u00bb22 enero &#8211; 3 marzo\u00bb font_size=\u00bblg:18&#8243; line_height=\u00bb1.67&#8243;][\/vc_column][\/vc_row][vc_row full_width=\u00bbstretch_row\u00bb background_color=\u00bbcustom\u00bb lg_spacing=\u00bbpadding_top:60&#8243; custom_background_color=\u00bb#e7cb33&#8243;][vc_column][tm_heading tag=\u00bbdiv\u00bb custom_google_font=\u00bb\u00bb text=\u00bbLa Liga tendr\u00e1 4 m\u00f3dulos (en cada uno se tratar\u00e1 un ODS), y como cada uno durar\u00e1 una semana, cada equipo podr\u00e1 elegir cuando hacer cada m\u00f3dulo.<\/p>\n<p>En cada m\u00f3dulo habr\u00e1 varios tipos de actividades:\u00bb][\/vc_column][\/vc_row][vc_row full_width=\u00bbstretch_row\u00bb disable_element=\u00bbyes\u00bb background_color=\u00bbcustom\u00bb lg_spacing=\u00bbpadding_top:100&#8243; custom_background_color=\u00bb#e7cb33&#8243;][vc_column width=\u00bb1\/6&#8243; offset=\u00bbvc_col-xs-1 vc_hidden-xs\u00bb][tm_spacer size=\u00bblg:15&#8243;][tm_separator][tm_spacer size=\u00bblg:100&#8243;][tm_separator][tm_spacer size=\u00bblg:100&#8243;][tm_separator][\/vc_column][vc_column width=\u00bb5\/6&#8243; sm_spacing=\u00bbpadding_left:50&#8243;][tm_heading custom_google_font=\u00bb\u00bb text=\u00bbCuriosidades\u00bb font_size=\u00bblg:18&#8243; line_height=\u00bb1.39&#8243;][tm_spacer size=\u00bblg:5&#8243;][tm_heading tag=\u00bbdiv\u00bb custom_google_font=\u00bb\u00bb text=\u00bbNos basaremos en casos pr\u00e1cticos, datos interesantes, y curiosidades. Servir\u00e1 para despertar el inter\u00e9s y aprender mediante ejercicios simples.\u00bb][tm_spacer size=\u00bblg:20&#8243;][tm_heading custom_google_font=\u00bb\u00bb text=\u00bbActividades de acci\u00f3n\u00bb font_size=\u00bblg:18&#8243; line_height=\u00bb1.39&#8243;][tm_spacer size=\u00bblg:5&#8243;][tm_heading tag=\u00bbdiv\u00bb custom_google_font=\u00bb\u00bb text=\u00bbSer\u00e1n actividades para realizar en cuatro escenarios que est\u00e1n presentes en nuestro d\u00eda a d\u00eda (la familia, la cuadrilla, el colegio, la ciudad \/ el pueblo).\u00bb][tm_spacer size=\u00bblg:20&#8243;][tm_heading custom_google_font=\u00bb\u00bb text=\u00bbActividades de inspiraci\u00f3n\u00bb font_size=\u00bblg:18&#8243; line_height=\u00bb1.39&#8243;][tm_spacer size=\u00bblg:5&#8243;][tm_heading tag=\u00bbdiv\u00bb custom_google_font=\u00bb\u00bb text=\u00bbConectaremos con personas que difunden los ODS (Objetivos de Desarrollo Sostenible): formar parte de charlas de personas inspiradoras, hacer debates con activistas y referentes en Euskal Herria\u2026\u00bb][\/vc_column][\/vc_row][vc_row full_width=\u00bbstretch_row\u00bb background_color=\u00bbcustom\u00bb lg_spacing=\u00bbpadding_top:100&#8243; custom_background_color=\u00bb#e7cb33&#8243;][vc_column width=\u00bb1\/6&#8243; offset=\u00bbvc_col-xs-1 vc_hidden-xs\u00bb][tm_spacer size=\u00bblg:15&#8243;][tm_separator][tm_spacer size=\u00bblg:130&#8243;][tm_separator][tm_spacer size=\u00bblg:100&#8243;][tm_separator][tm_spacer size=\u00bblg:100&#8243;][tm_separator][\/vc_column][vc_column width=\u00bb5\/6&#8243; sm_spacing=\u00bbpadding_left:50&#8243;][tm_heading custom_google_font=\u00bb\u00bb text=\u00bbCuriosidades\u00bb font_size=\u00bblg:18&#8243; line_height=\u00bb1.39&#8243;][tm_spacer size=\u00bblg:5&#8243;][tm_heading tag=\u00bbdiv\u00bb custom_google_font=\u00bb\u00bb text=\u00bbNos basaremos en datos curiosos y casos pr\u00e1cticos. Servir\u00e1 para fomentar el trabajo en equipo y despertar el inter\u00e9s en los j\u00f3venes.Teniendo varias partes, ser\u00e1n el tipo de actividades en donde m\u00e1s se profundizar\u00e1 sobre los Objetivos de Desarrollo Sostenible.\u00bb][tm_spacer size=\u00bblg:20&#8243;][tm_heading custom_google_font=\u00bb\u00bb text=\u00bbActividades de acci\u00f3n\u00bb font_size=\u00bblg:18&#8243; line_height=\u00bb1.39&#8243;][tm_spacer size=\u00bblg:5&#8243;][tm_heading tag=\u00bbdiv\u00bb custom_google_font=\u00bb\u00bb text=\u00bbActividades totalmente concretas y pr\u00e1cticas, dise\u00f1adas para que cada uno\/a las pueda realizar en su rutina diaria. Servir\u00e1n para trabajar los ODS en la realidad y la vida diaria.\u00bb][tm_spacer size=\u00bblg:20&#8243;][tm_heading custom_google_font=\u00bb\u00bb text=\u00bbActividades de uni\u00f3n\/cooperaci\u00f3n\u00bb font_size=\u00bblg:18&#8243; line_height=\u00bb1.39&#8243;][tm_spacer size=\u00bblg:5&#8243;][tm_heading tag=\u00bbdiv\u00bb custom_google_font=\u00bb\u00bb text=\u00bbSer\u00e1n actividades para ser agentes de cambio en el pueblo, la ciudad y\/o barrios en los que vivimos. As\u00ed, se dar\u00e1n cuenta del poder de cambio que tienen en su entorno.\u00bb][tm_spacer size=\u00bblg:20&#8243;][tm_heading custom_google_font=\u00bb\u00bb text=\u00bbActividades de inspiraci\u00f3n\u00bb font_size=\u00bblg:18&#8243; line_height=\u00bb1.39&#8243;][tm_spacer size=\u00bblg:5&#8243;][tm_heading tag=\u00bbdiv\u00bb custom_google_font=\u00bb\u00bb text=\u00bbQueremos acercar a los j\u00f3venes a los referentes que fomentan los ODS, para as\u00ed crear una conexi\u00f3n. Para esto, los j\u00f3venes participar\u00e1n en las charlas y debates de los ponentes, creando conversaciones interesantes.\u00bb][\/vc_column][\/vc_row][vc_row full_width=\u00bbstretch_row\u00bb disable_element=\u00bbyes\u00bb background_color=\u00bbcustom\u00bb lg_spacing=\u00bbpadding_top:60&#8243; custom_background_color=\u00bb#e7cb33&#8243;][vc_column width=\u00bb2\/6&#8243;][tm_heading custom_google_font=\u00bb\u00bb text=\u00bbCelebraci\u00f3n\u00bb font_size=\u00bbsm:36;md:42;lg:45&#8243; line_height=\u00bb1.25&#8243;][\/vc_column][vc_column width=\u00bb5\/6&#8243;][tm_spacer size=\u00bblg:15&#8243;][tm_heading tag=\u00bbh5&#8243; custom_google_font=\u00bb\u00bb text=\u00bb15 &#8211; 18 marzo\u00bb font_size=\u00bblg:18&#8243; line_height=\u00bb1.67&#8243;][\/vc_column][\/vc_row][vc_row full_width=\u00bbstretch_row\u00bb background_color=\u00bbcustom\u00bb lg_spacing=\u00bbpadding_top:60&#8243; custom_background_color=\u00bb#e7cb33&#8243;][vc_column width=\u00bb2\/6&#8243;][tm_heading custom_google_font=\u00bb\u00bb text=\u00bbCampamento de celebraci\u00f3n\u00bb font_size=\u00bbsm:36;md:42;lg:45&#8243; line_height=\u00bb1.25&#8243;][\/vc_column][vc_column width=\u00bb2\/6&#8243;][tm_spacer size=\u00bblg:15&#8243;][tm_heading tag=\u00bbh5&#8243; custom_google_font=\u00bb\u00bb text=\u00bb29-30 abril\u00bb font_size=\u00bblg:18&#8243; line_height=\u00bb1.67&#8243;][\/vc_column][\/vc_row][vc_row full_width=\u00bbstretch_row\u00bb background_color=\u00bbcustom\u00bb lg_spacing=\u00bbpadding_top:60&#8243; custom_background_color=\u00bb#e7cb33&#8243;][vc_column][tm_heading tag=\u00bbdiv\u00bb custom_google_font=\u00bb\u00bb text=\u00bbLa acampada de dos d\u00edas ser\u00e1 un premio m\u00e1s (gratuito). Y es que los grupos participantes pasar\u00e1n la noche juntos en Hondarribi o Orio, participando en actividades, disfrutando de la acampada con monitores\u2026 El objetivo es conocer a los dem\u00e1s grupos y dar el cierre al concurso de un modo l\u00fadico.<\/p>\n<p>Las primeras 140 personas de los equipos de la Liga podr\u00e1n asistir a la celebraci\u00f3n. Por tanto, las plazas se cubrir\u00e1n en funci\u00f3n del n\u00famero de personas que se encuentren en los primeros grupos clasificados, y al llegar a 140 personas se cerrar\u00e1 el n\u00famero de grupos que participar\u00e1n en el campamento de celebraci\u00f3n.\u00bb][\/vc_column][\/vc_row][vc_row full_width=\u00bbstretch_row\u00bb content_placement=\u00bbmiddle\u00bb background_color=\u00bbcustom\u00bb lg_spacing=\u00bbpadding_top:53;padding_bottom:53&#8243; custom_background_color=\u00bb#e7cb33&#8243;][vc_column width=\u00bb1\/3&#8243;][tm_heading style=\u00bbtyped-text\u00bb custom_google_font=\u00bb\u00bb text=\u00bbPara saber m\u00e1s:\u00bb font_size=\u00bbsm:36;md:42;lg:45&#8243; line_height=\u00bb1.25&#8243; typed_list=\u00bb%5B%7B%7D%5D\u00bb][\/vc_column][vc_column width=\u00bb1\/3&#8243;][tm_button button=\u00bburl:https%3A%2F%2Fwww.feelmw.com%2Fwp-content%2Fuploads%2F2023%2F10%2FConcurso-Zuk-Zeuk-pdf-informativo-comprimido.pdf|title:Descarga%20el%20PDF%20informativo|target:%20_blank|\u00bb action=\u00bbsmooth_scroll\u00bb align=\u00bbright\u00bb xs_align=\u00bbleft\u00bb color=\u00bbcustom\u00bb button_bg_color=\u00bbcustom\u00bb font_color=\u00bbsecondary\u00bb button_border_color=\u00bbcustom\u00bb custom_button_bg_color=\u00bb#ffffff\u00bb custom_button_border_color=\u00bb#ffffff\u00bb rounded=\u00bb0px\u00bb box_shadow=\u00bb0 0px 20px rgba(0,0,0,0)\u00bb][\/vc_column][vc_column width=\u00bb1\/3&#8243; order=\u00bbxs:1&#8243;][tm_button button=\u00bburl:https%3A%2F%2Fwww.feelmw.com%2Fes%2Fbases-del-concurso-zuk-zeuk-2023-2024%2F|title:Lee%20las%20bases%20del%20concurso|target:%20_blank|\u00bb action=\u00bbsmooth_scroll\u00bb align=\u00bbright\u00bb xs_align=\u00bbleft\u00bb color=\u00bbcustom\u00bb button_bg_color=\u00bbcustom\u00bb font_color=\u00bbsecondary\u00bb button_border_color=\u00bbcustom\u00bb custom_button_bg_color=\u00bb#ffffff\u00bb custom_button_border_color=\u00bb#ffffff\u00bb rounded=\u00bb0px\u00bb box_shadow=\u00bb0 0px 20px rgba(0,0,0,0)\u00bb][\/vc_column][\/vc_row][vc_row full_width=\u00bbstretch_row_content\u00bb content_placement=\u00bbmiddle\u00bb background_color=\u00bbcustom\u00bb hide_background_image=\u00bbsm\u00bb background_size=\u00bbcontain\u00bb lg_spacing=\u00bbpadding_top:90;padding_bottom:117&#8243; custom_background_color=\u00bb#f5f5f5&#8243; background_image=\u00bb5371&#8243; background_position=\u00bbright\u00bb][vc_column offset=\u00bbvc_col-md-6&#8243;][vc_row_inner content_alignment=\u00bbright\u00bb sm_content_alignment=\u00bbcenter\u00bb max_width=\u00bb600px\u00bb lg_spacing=\u00bbpadding_right:80&#8243; md_spacing=\u00bbpadding_right:15&#8243; sm_spacing=\u00bbpadding_right:0&#8243;][vc_column_inner][tm_heading tag=\u00bbh2&#8243; custom_google_font=\u00bb\u00bb text=\u00bb\u00bfTienes dudas?\u00bb][tm_spacer size=\u00bblg:20&#8243;][tm_heading tag=\u00bbp\u00bb custom_google_font=\u00bb\u00bb text=\u00bbPreg\u00fantale a Alazne, es la experta en el tema.\u00bb][tm_spacer size=\u00bblg:20&#8243;][tm_heading tag=\u00bbdiv\u00bb custom_google_font=\u00bb\u00bb text=\u00bb(+34) 644 104 209&#8243; link=\u00bbtel:+34644 104 209&#8243; font_size=\u00bbsm:18;md:21;lg:24&#8243;][tm_spacer size=\u00bblg:15&#8243;][tm_heading tag=\u00bbdiv\u00bb custom_google_font=\u00bb\u00bb text=\u00bbkaixo@zukzeuklehiaketa.eus\u00bb link=\u00bbmailto:kaixo@zukzeuklehiaketa.eus\u00bb font_size=\u00bbsm:18;md:21;lg:24&#8243;][\/vc_column_inner][\/vc_row_inner][\/vc_column][vc_column offset=\u00bbvc_col-md-6&#8243;][\/vc_column][\/vc_row][vc_row full_width=\u00bbstretch_row\u00bb background_color=\u00bbcustom\u00bb effect=\u00bbwavify\u00bb wavify_height=\u00bblg:200&#8243; wavify_items=\u00bb%5B%7B%22height%22%3A%2290%22%2C%22amplitude%22%3A%2280%22%2C%22bones%22%3A%224%22%2C%22background%22%3A%22rgba(232%2C114%2C51%2C0.51)%22%7D%2C%7B%22height%22%3A%2290%22%2C%22amplitude%22%3A%2280%22%2C%22bones%22%3A%223%22%2C%22background%22%3A%22%23eb6422%22%7D%5D\u00bb custom_background_color=\u00bb#f5f5f5&#8243;][vc_column][tm_spacer size=\u00bblg:150&#8243;][\/vc_column][\/vc_row][vc_row full_width=\u00bbstretch_row\u00bb content_placement=\u00bbmiddle\u00bb background_color=\u00bbcustom\u00bb lg_spacing=\u00bbpadding_top:53;padding_bottom:53&#8243; custom_background_color=\u00bb#eb6422&#8243;][vc_column width=\u00bb2\/3&#8243;][tm_heading custom_google_font=\u00bb\u00bb text=\u00bb\u00bfQue te ha parecido interesante?\u00bb font_size=\u00bbsm:36;md:42;lg:45&#8243; line_height=\u00bb1.25&#8243;][tm_spacer size=\u00bbxs:30&#8243;][\/vc_column][vc_column width=\u00bb1\/3&#8243;][tm_button button=\u00bburl:https%3A%2F%2Fwww.feelmw.com%2Fes%2Fzuk-zeuk-inscripcion-2023-2024%2F|title:%C2%A1Ap%C3%BAntate!|target:%20_blank|\u00bb action=\u00bbsmooth_scroll\u00bb align=\u00bbright\u00bb xs_align=\u00bbleft\u00bb color=\u00bbcustom\u00bb button_bg_color=\u00bbcustom\u00bb font_color=\u00bbsecondary\u00bb button_border_color=\u00bbcustom\u00bb custom_button_bg_color=\u00bb#ffffff\u00bb custom_button_border_color=\u00bb#ffffff\u00bb rounded=\u00bb0px\u00bb box_shadow=\u00bb0 0px 20px rgba(0,0,0,0)\u00bb][\/vc_column][\/vc_row]<\/p>\n<\/div>","protected":false},"excerpt":{"rendered":"<p>[vc_row full_width=\u00bbstretch_row_content\u00bb content_placement=\u00bbmiddle\u00bb lg_spacing=\u00bbpadding_top:150;padding_bottom:80&#8243; el_id=\u00bbprograma\u00bb][vc_column offset=\u00bbvc_col-md-6&#8243;][vc_row_inner content_alignment=\u00bbright\u00bb sm_content_alignment=\u00bbcenter\u00bb max_width=\u00bb600px\u00bb lg_spacing=\u00bbpadding_right:80&#8243; md_spacing=\u00bbpadding_right:15&#8243; sm_spacing=\u00bbpadding_right:0&#8243;][vc_column_inner][tm_heading style=\u00bbhighlight-03&#8243; custom_google_font=\u00bb\u00bb text=\u00bbLa blended gincana de Euskal Herria\u00bb font_size=\u00bbsm:36;md:42;lg:45&#8243; line_height=\u00bb1.25&#8243;][tm_spacer size=\u00bblg:20&#8243;][tm_heading tag=\u00bbh5&#8243; custom_google_font=\u00bb\u00bb text=\u00bb\u00a1S\u00e9 parte del cambio y consigue un descuento para tu viaje! \u00bfTienes un plan mejor?\u00bb font_size=\u00bblg:18&#8243; line_height=\u00bb1.67&#8243;][\/vc_column_inner][\/vc_row_inner][\/vc_column][vc_column background_color=\u00bbcustom\u00bb background_size=\u00bbauto\u00bb offset=\u00bbvc_col-md-6&#8243; background_image=\u00bb6156&#8243; el_class=\u00bbcomillas\u00bb][tm_spacer size=\u00bblg:20&#8243;][tm_heading tag=\u00bbdiv\u00bb custom_google_font=\u00bb\u00bb text=\u00bbTrataremos temas de actualidad en el concurso Zuk Zeuk: el cambio clim\u00e1tico, la energ\u00eda, la alimentaci\u00f3n\u2026 Habr\u00e1 muchas actividades diferentes en la plataforma, cada equipo podr\u00e1 elegir cuales hacer para conseguir puntos y as\u00ed llegar a los primeros puestos de la clasificaci\u00f3n.\u00bb][\/vc_column][\/vc_row][vc_row full_width=\u00bbstretch_row_content\u00bb background_color=\u00bbcustom\u00bb][vc_column][tm_image full_wide=\u00bb1&#8243; image=\u00bb10481&#8243;][\/vc_column][\/vc_row][vc_row full_width=\u00bbstretch_row\u00bb background_color=\u00bbcustom\u00bb lg_spacing=\u00bbpadding_top:60&#8243; custom_background_color=\u00bb#e7cb33&#8243;][vc_column width=\u00bb1\/6&#8243;][tm_heading custom_google_font=\u00bb\u00bb text=\u00bbLa Liga\u00bb font_size=\u00bbsm:36;md:42;lg:45&#8243; line_height=\u00bb1.25&#8243;][\/vc_column][vc_column width=\u00bb3\/6&#8243;][tm_spacer size=\u00bblg:15&#8243;][tm_heading tag=\u00bbh5&#8243; custom_google_font=\u00bb\u00bb text=\u00bb22 enero &#8211; 3 marzo\u00bb font_size=\u00bblg:18&#8243; line_height=\u00bb1.67&#8243;][\/vc_column][\/vc_row][vc_row full_width=\u00bbstretch_row\u00bb background_color=\u00bbcustom\u00bb lg_spacing=\u00bbpadding_top:60&#8243; custom_background_color=\u00bb#e7cb33&#8243;][vc_column][tm_heading tag=\u00bbdiv\u00bb custom_google_font=\u00bb\u00bb text=\u00bbLa Liga tendr\u00e1 4 m\u00f3dulos (en cada uno se tratar\u00e1 un ODS), y como cada uno durar\u00e1 una semana, cada equipo podr\u00e1 elegir cuando hacer cada m\u00f3dulo. En cada m\u00f3dulo habr\u00e1 varios tipos de actividades:\u00bb][\/vc_column][\/vc_row][vc_row full_width=\u00bbstretch_row\u00bb disable_element=\u00bbyes\u00bb background_color=\u00bbcustom\u00bb lg_spacing=\u00bbpadding_top:100&#8243; custom_background_color=\u00bb#e7cb33&#8243;][vc_column width=\u00bb1\/6&#8243; offset=\u00bbvc_col-xs-1 vc_hidden-xs\u00bb][tm_spacer size=\u00bblg:15&#8243;][tm_separator][tm_spacer size=\u00bblg:100&#8243;][tm_separator][tm_spacer size=\u00bblg:100&#8243;][tm_separator][\/vc_column][vc_column width=\u00bb5\/6&#8243; sm_spacing=\u00bbpadding_left:50&#8243;][tm_heading custom_google_font=\u00bb\u00bb text=\u00bbCuriosidades\u00bb font_size=\u00bblg:18&#8243; line_height=\u00bb1.39&#8243;][tm_spacer size=\u00bblg:5&#8243;][tm_heading tag=\u00bbdiv\u00bb custom_google_font=\u00bb\u00bb text=\u00bbNos basaremos en casos pr\u00e1cticos, datos interesantes, y curiosidades. Servir\u00e1 para despertar el inter\u00e9s y aprender mediante ejercicios simples.\u00bb][tm_spacer size=\u00bblg:20&#8243;][tm_heading custom_google_font=\u00bb\u00bb text=\u00bbActividades de acci\u00f3n\u00bb font_size=\u00bblg:18&#8243; line_height=\u00bb1.39&#8243;][tm_spacer size=\u00bblg:5&#8243;][tm_heading tag=\u00bbdiv\u00bb custom_google_font=\u00bb\u00bb text=\u00bbSer\u00e1n actividades para realizar en cuatro escenarios que est\u00e1n presentes en nuestro d\u00eda a d\u00eda (la familia, la cuadrilla, el colegio, la ciudad \/ el pueblo).\u00bb][tm_spacer size=\u00bblg:20&#8243;][tm_heading custom_google_font=\u00bb\u00bb text=\u00bbActividades de inspiraci\u00f3n\u00bb font_size=\u00bblg:18&#8243; line_height=\u00bb1.39&#8243;][tm_spacer size=\u00bblg:5&#8243;][tm_heading tag=\u00bbdiv\u00bb custom_google_font=\u00bb\u00bb text=\u00bbConectaremos con personas que difunden los ODS (Objetivos de Desarrollo Sostenible): formar parte de charlas de personas inspiradoras, hacer debates con activistas y referentes en Euskal Herria\u2026\u00bb][\/vc_column][\/vc_row][vc_row full_width=\u00bbstretch_row\u00bb background_color=\u00bbcustom\u00bb lg_spacing=\u00bbpadding_top:100&#8243; custom_background_color=\u00bb#e7cb33&#8243;][vc_column width=\u00bb1\/6&#8243; offset=\u00bbvc_col-xs-1 vc_hidden-xs\u00bb][tm_spacer size=\u00bblg:15&#8243;][tm_separator][tm_spacer size=\u00bblg:130&#8243;][tm_separator][tm_spacer size=\u00bblg:100&#8243;][tm_separator][tm_spacer size=\u00bblg:100&#8243;][tm_separator][\/vc_column][vc_column width=\u00bb5\/6&#8243; sm_spacing=\u00bbpadding_left:50&#8243;][tm_heading custom_google_font=\u00bb\u00bb text=\u00bbCuriosidades\u00bb font_size=\u00bblg:18&#8243; line_height=\u00bb1.39&#8243;][tm_spacer size=\u00bblg:5&#8243;][tm_heading tag=\u00bbdiv\u00bb custom_google_font=\u00bb\u00bb text=\u00bbNos basaremos en datos curiosos y casos pr\u00e1cticos. Servir\u00e1 para fomentar el trabajo en equipo y despertar el inter\u00e9s en los j\u00f3venes.Teniendo varias partes, ser\u00e1n el tipo de actividades en donde m\u00e1s se profundizar\u00e1 sobre los Objetivos de Desarrollo Sostenible.\u00bb][tm_spacer size=\u00bblg:20&#8243;][tm_heading custom_google_font=\u00bb\u00bb text=\u00bbActividades de acci\u00f3n\u00bb font_size=\u00bblg:18&#8243; line_height=\u00bb1.39&#8243;][tm_spacer size=\u00bblg:5&#8243;][tm_heading tag=\u00bbdiv\u00bb custom_google_font=\u00bb\u00bb text=\u00bbActividades totalmente concretas y pr\u00e1cticas, dise\u00f1adas para que cada uno\/a las pueda realizar en su rutina diaria. Servir\u00e1n para trabajar los ODS en la realidad y la vida diaria.\u00bb][tm_spacer size=\u00bblg:20&#8243;][tm_heading custom_google_font=\u00bb\u00bb text=\u00bbActividades de uni\u00f3n\/cooperaci\u00f3n\u00bb font_size=\u00bblg:18&#8243; line_height=\u00bb1.39&#8243;][tm_spacer size=\u00bblg:5&#8243;][tm_heading tag=\u00bbdiv\u00bb custom_google_font=\u00bb\u00bb text=\u00bbSer\u00e1n actividades para ser agentes de cambio en el pueblo, la ciudad y\/o barrios en los que vivimos. As\u00ed, se dar\u00e1n cuenta del poder de cambio que tienen en su entorno.\u00bb][tm_spacer size=\u00bblg:20&#8243;][tm_heading custom_google_font=\u00bb\u00bb text=\u00bbActividades de inspiraci\u00f3n\u00bb font_size=\u00bblg:18&#8243; line_height=\u00bb1.39&#8243;][tm_spacer size=\u00bblg:5&#8243;][tm_heading tag=\u00bbdiv\u00bb custom_google_font=\u00bb\u00bb text=\u00bbQueremos acercar a los j\u00f3venes a los referentes que fomentan los ODS, para as\u00ed crear una conexi\u00f3n. Para esto, los j\u00f3venes participar\u00e1n en las charlas y debates de los ponentes, creando conversaciones interesantes.\u00bb][\/vc_column][\/vc_row][vc_row full_width=\u00bbstretch_row\u00bb disable_element=\u00bbyes\u00bb background_color=\u00bbcustom\u00bb lg_spacing=\u00bbpadding_top:60&#8243; custom_background_color=\u00bb#e7cb33&#8243;][vc_column width=\u00bb2\/6&#8243;][tm_heading custom_google_font=\u00bb\u00bb text=\u00bbCelebraci\u00f3n\u00bb font_size=\u00bbsm:36;md:42;lg:45&#8243; line_height=\u00bb1.25&#8243;][\/vc_column][vc_column width=\u00bb5\/6&#8243;][tm_spacer size=\u00bblg:15&#8243;][tm_heading tag=\u00bbh5&#8243; custom_google_font=\u00bb\u00bb text=\u00bb15 &#8211; 18 marzo\u00bb font_size=\u00bblg:18&#8243; line_height=\u00bb1.67&#8243;][\/vc_column][\/vc_row][vc_row full_width=\u00bbstretch_row\u00bb background_color=\u00bbcustom\u00bb lg_spacing=\u00bbpadding_top:60&#8243; custom_background_color=\u00bb#e7cb33&#8243;][vc_column width=\u00bb2\/6&#8243;][tm_heading custom_google_font=\u00bb\u00bb text=\u00bbCampamento de celebraci\u00f3n\u00bb font_size=\u00bbsm:36;md:42;lg:45&#8243; line_height=\u00bb1.25&#8243;][\/vc_column][vc_column width=\u00bb2\/6&#8243;][tm_spacer size=\u00bblg:15&#8243;][tm_heading tag=\u00bbh5&#8243; custom_google_font=\u00bb\u00bb text=\u00bb29-30 abril\u00bb font_size=\u00bblg:18&#8243; line_height=\u00bb1.67&#8243;][\/vc_column][\/vc_row][vc_row full_width=\u00bbstretch_row\u00bb background_color=\u00bbcustom\u00bb lg_spacing=\u00bbpadding_top:60&#8243; custom_background_color=\u00bb#e7cb33&#8243;][vc_column][tm_heading tag=\u00bbdiv\u00bb custom_google_font=\u00bb\u00bb text=\u00bbLa acampada de dos d\u00edas ser\u00e1 un premio m\u00e1s (gratuito). Y es que los grupos participantes pasar\u00e1n la noche juntos en Hondarribi o Orio, participando en actividades, disfrutando de la acampada con monitores\u2026 El objetivo es conocer a los dem\u00e1s grupos y dar el cierre al concurso de un modo l\u00fadico. Las primeras 140 personas de los equipos de la Liga podr\u00e1n asistir a la celebraci\u00f3n. Por tanto, las plazas se cubrir\u00e1n en funci\u00f3n del n\u00famero de personas que se encuentren en los primeros grupos clasificados, y al llegar a 140 personas se cerrar\u00e1 el n\u00famero de grupos que participar\u00e1n en el campamento de celebraci\u00f3n.\u00bb][\/vc_column][\/vc_row][vc_row full_width=\u00bbstretch_row\u00bb content_placement=\u00bbmiddle\u00bb background_color=\u00bbcustom\u00bb lg_spacing=\u00bbpadding_top:53;padding_bottom:53&#8243; custom_background_color=\u00bb#e7cb33&#8243;][vc_column width=\u00bb1\/3&#8243;][tm_heading style=\u00bbtyped-text\u00bb custom_google_font=\u00bb\u00bb text=\u00bbPara saber m\u00e1s:\u00bb font_size=\u00bbsm:36;md:42;lg:45&#8243; line_height=\u00bb1.25&#8243; typed_list=\u00bb%5B%7B%7D%5D\u00bb][\/vc_column][vc_column width=\u00bb1\/3&#8243;][tm_button button=\u00bburl:https%3A%2F%2Fwww.feelmw.com%2Fwp-content%2Fuploads%2F2023%2F10%2FConcurso-Zuk-Zeuk-pdf-informativo-comprimido.pdf|title:Descarga%20el%20PDF%20informativo|target:%20_blank|\u00bb action=\u00bbsmooth_scroll\u00bb align=\u00bbright\u00bb xs_align=\u00bbleft\u00bb color=\u00bbcustom\u00bb button_bg_color=\u00bbcustom\u00bb font_color=\u00bbsecondary\u00bb button_border_color=\u00bbcustom\u00bb custom_button_bg_color=\u00bb#ffffff\u00bb custom_button_border_color=\u00bb#ffffff\u00bb rounded=\u00bb0px\u00bb box_shadow=\u00bb0 0px 20px rgba(0,0,0,0)\u00bb][\/vc_column][vc_column width=\u00bb1\/3&#8243; order=\u00bbxs:1&#8243;][tm_button button=\u00bburl:https%3A%2F%2Fwww.feelmw.com%2Fes%2Fbases-del-concurso-zuk-zeuk-2023-2024%2F|title:Lee%20las%20bases%20del%20concurso|target:%20_blank|\u00bb action=\u00bbsmooth_scroll\u00bb align=\u00bbright\u00bb xs_align=\u00bbleft\u00bb color=\u00bbcustom\u00bb button_bg_color=\u00bbcustom\u00bb font_color=\u00bbsecondary\u00bb button_border_color=\u00bbcustom\u00bb custom_button_bg_color=\u00bb#ffffff\u00bb custom_button_border_color=\u00bb#ffffff\u00bb rounded=\u00bb0px\u00bb box_shadow=\u00bb0 0px 20px rgba(0,0,0,0)\u00bb][\/vc_column][\/vc_row][vc_row full_width=\u00bbstretch_row_content\u00bb content_placement=\u00bbmiddle\u00bb background_color=\u00bbcustom\u00bb hide_background_image=\u00bbsm\u00bb background_size=\u00bbcontain\u00bb lg_spacing=\u00bbpadding_top:90;padding_bottom:117&#8243; custom_background_color=\u00bb#f5f5f5&#8243; background_image=\u00bb5371&#8243; background_position=\u00bbright\u00bb][vc_column offset=\u00bbvc_col-md-6&#8243;][vc_row_inner content_alignment=\u00bbright\u00bb sm_content_alignment=\u00bbcenter\u00bb max_width=\u00bb600px\u00bb lg_spacing=\u00bbpadding_right:80&#8243; md_spacing=\u00bbpadding_right:15&#8243; sm_spacing=\u00bbpadding_right:0&#8243;][vc_column_inner][tm_heading tag=\u00bbh2&#8243; custom_google_font=\u00bb\u00bb text=\u00bb\u00bfTienes dudas?\u00bb][tm_spacer size=\u00bblg:20&#8243;][tm_heading tag=\u00bbp\u00bb custom_google_font=\u00bb\u00bb text=\u00bbPreg\u00fantale a Alazne, es la experta en el tema.\u00bb][tm_spacer size=\u00bblg:20&#8243;][tm_heading tag=\u00bbdiv\u00bb custom_google_font=\u00bb\u00bb text=\u00bb(+34) 644 104 209&#8243; link=\u00bbtel:+34644 104 209&#8243; font_size=\u00bbsm:18;md:21;lg:24&#8243;][tm_spacer size=\u00bblg:15&#8243;][tm_heading tag=\u00bbdiv\u00bb custom_google_font=\u00bb\u00bb text=\u00bbkaixo@zukzeuklehiaketa.eus\u00bb link=\u00bbmailto:kaixo@zukzeuklehiaketa.eus\u00bb font_size=\u00bbsm:18;md:21;lg:24&#8243;][\/vc_column_inner][\/vc_row_inner][\/vc_column][vc_column offset=\u00bbvc_col-md-6&#8243;][\/vc_column][\/vc_row][vc_row full_width=\u00bbstretch_row\u00bb background_color=\u00bbcustom\u00bb effect=\u00bbwavify\u00bb wavify_height=\u00bblg:200&#8243; wavify_items=\u00bb%5B%7B%22height%22%3A%2290%22%2C%22amplitude%22%3A%2280%22%2C%22bones%22%3A%224%22%2C%22background%22%3A%22rgba(232%2C114%2C51%2C0.51)%22%7D%2C%7B%22height%22%3A%2290%22%2C%22amplitude%22%3A%2280%22%2C%22bones%22%3A%223%22%2C%22background%22%3A%22%23eb6422%22%7D%5D\u00bb custom_background_color=\u00bb#f5f5f5&#8243;][vc_column][tm_spacer size=\u00bblg:150&#8243;][\/vc_column][\/vc_row][vc_row full_width=\u00bbstretch_row\u00bb content_placement=\u00bbmiddle\u00bb background_color=\u00bbcustom\u00bb lg_spacing=\u00bbpadding_top:53;padding_bottom:53&#8243; custom_background_color=\u00bb#eb6422&#8243;][vc_column width=\u00bb2\/3&#8243;][tm_heading custom_google_font=\u00bb\u00bb text=\u00bb\u00bfQue te ha parecido interesante?\u00bb font_size=\u00bbsm:36;md:42;lg:45&#8243; line_height=\u00bb1.25&#8243;][tm_spacer size=\u00bbxs:30&#8243;][\/vc_column][vc_column width=\u00bb1\/3&#8243;][tm_button button=\u00bburl:https%3A%2F%2Fwww.feelmw.com%2Fes%2Fzuk-zeuk-inscripcion-2023-2024%2F|title:%C2%A1Ap%C3%BAntate!|target:%20_blank|\u00bb action=\u00bbsmooth_scroll\u00bb align=\u00bbright\u00bb xs_align=\u00bbleft\u00bb color=\u00bbcustom\u00bb button_bg_color=\u00bbcustom\u00bb font_color=\u00bbsecondary\u00bb button_border_color=\u00bbcustom\u00bb custom_button_bg_color=\u00bb#ffffff\u00bb custom_button_border_color=\u00bb#ffffff\u00bb rounded=\u00bb0px\u00bb box_shadow=\u00bb0 0px 20px rgba(0,0,0,0)\u00bb][\/vc_column][\/vc_row]<\/p>\n","protected":false},"author":1,"featured_media":0,"parent":15804,"menu_order":0,"comment_status":"closed","ping_status":"closed","template":"","meta":{"_acf_changed":false,"footnotes":""},"class_list":["post-15489","page","type-page","status-publish","hentry","post-no-thumbnail"],"acf":[],"_links":{"self":[{"href":"https:\/\/feelmw.com\/es\/wp-json\/wp\/v2\/pages\/15489","targetHints":{"allow":["GET"]}}],"collection":[{"href":"https:\/\/feelmw.com\/es\/wp-json\/wp\/v2\/pages"}],"about":[{"href":"https:\/\/feelmw.com\/es\/wp-json\/wp\/v2\/types\/page"}],"author":[{"embeddable":true,"href":"https:\/\/feelmw.com\/es\/wp-json\/wp\/v2\/users\/1"}],"replies":[{"embeddable":true,"href":"https:\/\/feelmw.com\/es\/wp-json\/wp\/v2\/comments?post=15489"}],"version-history":[{"count":9,"href":"https:\/\/feelmw.com\/es\/wp-json\/wp\/v2\/pages\/15489\/revisions"}],"predecessor-version":[{"id":16572,"href":"https:\/\/feelmw.com\/es\/wp-json\/wp\/v2\/pages\/15489\/revisions\/16572"}],"up":[{"embeddable":true,"href":"https:\/\/feelmw.com\/es\/wp-json\/wp\/v2\/pages\/15804"}],"wp:attachment":[{"href":"https:\/\/feelmw.com\/es\/wp-json\/wp\/v2\/media?parent=15489"}],"curies":[{"name":"wp","href":"https:\/\/api.w.org\/{rel}","templated":true}]}}